{"id":2116,"date":"2025-04-28T12:13:13","date_gmt":"2025-04-28T12:13:13","guid":{"rendered":"https:\/\/schmaehingen.info\/?page_id=2116"},"modified":"2025-04-28T12:14:59","modified_gmt":"2025-04-28T12:14:59","slug":"dies-und-das","status":"publish","type":"page","link":"https:\/\/schmaehingen.info\/?page_id=2116","title":{"rendered":"Dies und Das"},"content":{"rendered":"\n<p><\/p>\n\n\n<div class=\"wp-block-image\">\n<figure class=\"aligncenter size-full is-resized\"><img loading=\"lazy\" decoding=\"async\" width=\"595\" height=\"380\" src=\"https:\/\/schmaehingen.info\/wp-content\/uploads\/2025\/04\/b_kraemer.jpg\" alt=\"\" class=\"wp-image-2118\" style=\"width:518px;height:auto\" srcset=\"https:\/\/schmaehingen.info\/wp-content\/uploads\/2025\/04\/b_kraemer.jpg 595w, https:\/\/schmaehingen.info\/wp-content\/uploads\/2025\/04\/b_kraemer-300x192.jpg 300w\" sizes=\"auto, (max-width: 595px) 100vw, 595px\" \/><\/figure><\/div>\n\n<div class=\"wp-block-image\">\n<figure class=\"aligncenter size-full is-resized\"><img loading=\"lazy\" decoding=\"async\" width=\"438\" height=\"500\" src=\"https:\/\/schmaehingen.info\/wp-content\/uploads\/2025\/04\/b_weiher.jpg\" alt=\"\" class=\"wp-image-2119\" style=\"width:449px;height:auto\" srcset=\"https:\/\/schmaehingen.info\/wp-content\/uploads\/2025\/04\/b_weiher.jpg 438w, https:\/\/schmaehingen.info\/wp-content\/uploads\/2025\/04\/b_weiher-263x300.jpg 263w\" sizes=\"auto, (max-width: 438px) 100vw, 438px\" \/><\/figure><\/div>\n\n\n<p><strong>Unser Wappen\u2026<\/strong><\/p>\n\n\n\n<div class=\"wp-block-columns is-layout-flex wp-container-core-columns-is-layout-1 wp-block-columns-is-layout-flex\">\n<div class=\"wp-block-column is-vertically-aligned-stretch is-layout-flow wp-block-column-is-layout-flow\" style=\"flex-basis:100%\">\n<figure class=\"wp-block-image size-full\"><img loading=\"lazy\" decoding=\"async\" width=\"304\" height=\"376\" src=\"https:\/\/schmaehingen.info\/wp-content\/uploads\/2025\/04\/wappen.jpg\" alt=\"\" class=\"wp-image-2117\" srcset=\"https:\/\/schmaehingen.info\/wp-content\/uploads\/2025\/04\/wappen.jpg 304w, https:\/\/schmaehingen.info\/wp-content\/uploads\/2025\/04\/wappen-243x300.jpg 243w\" sizes=\"auto, (max-width: 304px) 100vw, 304px\" \/><\/figure>\n<\/div>\n<\/div>\n\n\n\n<p>\u2026wurde im Jahr 1960 gegeben. Helmut Rahm schenkt 1995 der Dorfgemeinschaft eineerste Fahne mit dem Wappen aus Anlass der damaligen \u00bbSchm\u00e4hinger Festwoche\u00ab.<\/p>\n\n\n\n<p><br>Es war ebenfalls ein Dreifach-Fest gewesen: 75 Jahre Soldaten- und Veteranenverein \u2013 25 Jahre Albuchsch\u00fctzen \u2013 70 Jahre Posaunenchor. Die 1995er Festschrift beinhaltet eine gute \u00dcbersicht \u00fcber die Schm\u00e4hinger Chronik, insbesondere seit dem 19. Jahrhundert. Eine detaillierte und vertiefte Ortsgeschichte hat f\u00fcr das oben erw\u00e4hnte Jubil\u00e4um im Jahr 2003 Pfarrer Wilhelm Imrich erstellt. Die linke Wappenseite zeigt eine H\u00e4lfte der H\u00fcrnheimer<br>Edelfreien mit der Hirschstange. Die rechte H\u00e4lfte zeigt das halbe Andreaskreuz des F\u00fcrstenhauses Oettingen-Wallerstein. Die Farbe Rot ist ein Symbol f\u00fcr das Scharfrecht des F\u00fcrstenhauses; die Farbe Gelb f\u00fcr das M\u00fcnzrecht.<\/p>\n\n\n<div class=\"wp-block-image\">\n<figure class=\"aligncenter size-full is-resized\"><img loading=\"lazy\" decoding=\"async\" width=\"595\" height=\"378\" src=\"https:\/\/schmaehingen.info\/wp-content\/uploads\/2025\/04\/b_winter.jpg\" alt=\"\" class=\"wp-image-2122\" style=\"width:585px;height:auto\" srcset=\"https:\/\/schmaehingen.info\/wp-content\/uploads\/2025\/04\/b_winter.jpg 595w, https:\/\/schmaehingen.info\/wp-content\/uploads\/2025\/04\/b_winter-300x191.jpg 300w\" sizes=\"auto, (max-width: 595px) 100vw, 595px\" \/><\/figure><\/div>\n\n<p style=\"text-align: right;\">Quelle: aus der Festschrift 2020 &#8222;Schm\u00e4hingen feiert nicht&#8220;<\/p>\n\n\n<p><\/p>\n","protected":false},"excerpt":{"rendered":"<p>Unser Wappen\u2026 \u2026wurde im Jahr 1960 gegeben. Helmut Rahm schenkt 1995 der Dorfgemeinschaft eineerste Fahne mit dem Wappen aus Anlass der damaligen \u00bbSchm\u00e4hinger Festwoche\u00ab. Es war ebenfalls ein Dreifach-Fest gewesen: 75 Jahre Soldaten- und Veteranenverein \u2013 25 Jahre Albuchsch\u00fctzen \u2013 70 Jahre Posaunenchor. Die 1995er Festschrift beinhaltet eine gute \u00dcbersicht \u00fcber die Schm\u00e4hinger Chronik, insbesondere &hellip; <\/p>\n<p class=\"link-more\"><a href=\"https:\/\/schmaehingen.info\/?page_id=2116\" class=\"more-link\"><span class=\"screen-reader-text\">\u201eDies und Das\u201c<\/span> weiterlesen<\/a><\/p>\n","protected":false},"author":1,"featured_media":0,"parent":0,"menu_order":0,"comment_status":"closed","ping_status":"closed","template":"","meta":{"ngg_post_thumbnail":0,"footnotes":""},"class_list":["post-2116","page","type-page","status-publish","hentry"],"_links":{"self":[{"href":"https:\/\/schmaehingen.info\/index.php?rest_route=\/wp\/v2\/pages\/2116","targetHints":{"allow":["GET"]}}],"collection":[{"href":"https:\/\/schmaehingen.info\/index.php?rest_route=\/wp\/v2\/pages"}],"about":[{"href":"https:\/\/schmaehingen.info\/index.php?rest_route=\/wp\/v2\/types\/page"}],"author":[{"embeddable":true,"href":"https:\/\/schmaehingen.info\/index.php?rest_route=\/wp\/v2\/users\/1"}],"replies":[{"embeddable":true,"href":"https:\/\/schmaehingen.info\/index.php?rest_route=%2Fwp%2Fv2%2Fcomments&post=2116"}],"version-history":[{"count":2,"href":"https:\/\/schmaehingen.info\/index.php?rest_route=\/wp\/v2\/pages\/2116\/revisions"}],"predecessor-version":[{"id":2123,"href":"https:\/\/schmaehingen.info\/index.php?rest_route=\/wp\/v2\/pages\/2116\/revisions\/2123"}],"wp:attachment":[{"href":"https:\/\/schmaehingen.info\/index.php?rest_route=%2Fwp%2Fv2%2Fmedia&parent=2116"}],"curies":[{"name":"wp","href":"https:\/\/api.w.org\/{rel}","templated":true}]}}