{"id":1436,"date":"2022-10-29T17:49:46","date_gmt":"2022-10-29T17:49:46","guid":{"rendered":"http:\/\/schmaehingen.info\/?page_id=1436"},"modified":"2025-04-21T12:54:00","modified_gmt":"2025-04-21T12:54:00","slug":"posaunenchor-schmaehingen","status":"publish","type":"page","link":"https:\/\/schmaehingen.info\/?page_id=1436","title":{"rendered":"Posaunenchor Schm\u00e4hingen"},"content":{"rendered":"<p align=\"CENTER\"><span style=\"font-family: Arial, sans-serif;\"><span style=\"font-size: x-large;\"><b>Wer sind wir?<\/b><\/span><\/span><\/p>\n<p align=\"JUSTIFY\"><span style=\"font-family: Arial, sans-serif;\"><span style=\"font-size: large;\"><b>Wir sind<\/b> ein kleiner, aber feiner Haufen von Hobbymusikern.<\/span><\/span><\/p>\n<p align=\"JUSTIFY\"><span style=\"font-family: Arial, sans-serif;\"><span style=\"font-size: large;\"><b>Zu h\u00f6ren<\/b> sind wir oft in der Schm\u00e4hinger Marienkirche, am Maibaum, auf dem Weihnachtsmarkt Reimlingen und N\u00f6rdlingen. <\/span><\/span><\/p>\n<p align=\"JUSTIFY\">&nbsp;<\/p>\n\n\n<figure class=\"wp-block-image size-large\"><img loading=\"lazy\" decoding=\"async\" width=\"1024\" height=\"594\" src=\"http:\/\/schmaehingen.info\/wp-content\/uploads\/2019\/10\/pos_schm-1024x594.jpg\" alt=\"\" class=\"wp-image-343\" srcset=\"https:\/\/schmaehingen.info\/wp-content\/uploads\/2019\/10\/pos_schm-1024x594.jpg 1024w, https:\/\/schmaehingen.info\/wp-content\/uploads\/2019\/10\/pos_schm-300x174.jpg 300w, https:\/\/schmaehingen.info\/wp-content\/uploads\/2019\/10\/pos_schm-768x445.jpg 768w\" sizes=\"auto, (max-width: 767px) 89vw, (max-width: 1000px) 54vw, (max-width: 1071px) 543px, 580px\" \/><\/figure>\n\n\n<p align=\"JUSTIFY\"><span style=\"font-family: Arial, sans-serif;\"><span style=\"font-size: large;\">Unsere Probe findet immer donnerstags in der \u201eAlten Schule\u201c statt. Neue Mitmusikanten (egal ob mit oder ohne Erfahrung) sind uns immer herzlich Willkommen!<\/span><\/span><\/p>\n<p align=\"JUSTIFY\"><span style=\"font-family: Arial, sans-serif;\"><span style=\"font-size: large;\">Besonders gerne spielen wir an runden Geburtstagen ab 70, wenn gew\u00fcnscht an Hochzeiten in unserer Kirche aber auch an Beerdigungen.<\/span><\/span><\/p>\n<p align=\"JUSTIFY\"><span style=\"font-family: Arial, sans-serif;\"><span style=\"font-size: large;\">Wir versuchen j\u00e4hrlich ein Konzert mit einem Partner unterzubringen, bei dem wir Verschiedenes aus unserem Repertoire zum Besten zu geben.<\/span><\/span><\/p>\n<p align=\"JUSTIFY\">&nbsp;<\/p>\n<p style=\"text-align: left;\" align=\"CENTER\"><span style=\"font-family: Arial, sans-serif;\"><span style=\"font-size: x-large;\"><b>Eine kleine Chronik des Chores:<\/b><\/span><\/span><\/p>\n<p><span style=\"font-family: Arial, sans-serif;\"><span style=\"font-size: large;\">1925 &#8211; <b>Gr\u00fcndung<\/b>, Chorleitung: Pfarrer Johann Stadelmann<\/span><\/span><\/p>\n<p><span style=\"font-family: Arial, sans-serif;\"><span style=\"font-size: large;\">1929 &#8211; 8. Rieser Bezirksposaunentag in Schm\u00e4hingen<\/span><\/span><\/p>\n<p><span style=\"font-family: Arial, sans-serif;\"><span style=\"font-size: large;\">1950 &#8211; <span style=\"font-size: x-large;\"><b>25<\/b><\/span><strong>j\u00e4hriges<\/strong> Chorjubil\u00e4um<\/span><\/span><\/p>\n<p><span style=\"font-family: Arial, sans-serif;\"><span style=\"font-size: large;\">1964 &#8211; Chorleiterwechsel zu Rudolf Hertle<\/span><\/span><\/p>\n<p><span style=\"font-family: Arial, sans-serif;\"><span style=\"font-size: large;\">1965 &#8211; 40. Bezirksposaunentag<\/span><\/span><\/p>\n<p><span style=\"font-family: Arial, sans-serif;\"><span style=\"font-size: large;\">1965 &#8211; Besuch des Posaunenfestes in Simbach\/Inn<\/span><\/span><\/p>\n<p><span style=\"font-family: Arial, sans-serif;\"><span style=\"font-size: large;\">1975 &#8211; <span style=\"font-size: x-large;\"><b>5<\/b><strong>0<\/strong><\/span><strong>j\u00e4hriges<\/strong> Chorjubil\u00e4um mit Bezirksposaunentag<\/span><\/span><\/p>\n<p><span style=\"font-family: Arial, sans-serif;\"><span style=\"font-size: large;\">1988 &#8211; Chorleiterwechsel zu Friedrich K\u00fchn<\/span><\/span><\/p>\n<p><span style=\"font-family: Arial, sans-serif;\"><span style=\"font-size: large;\">2005 &#8211; <span style=\"font-size: x-large;\"><b>8<\/b><strong>0<\/strong><\/span><strong>j\u00e4hriges<\/strong> Chorjubil\u00e4um mit einem Konzert<\/span><\/span><\/p>\n<p><span style=\"font-family: Arial, sans-serif;\"><span style=\"font-size: large;\">2007 &#8211; Landesposaunentag in N\u00fcrnberg<\/span><\/span><\/p>\n<p><span style=\"font-family: Arial, sans-serif;\"><span style=\"font-size: large;\">2013 &#8211; Chorleiterwechsel zu Sandra Strau\u00df<\/span><\/span><\/p>\n<p><span style=\"font-family: Arial, sans-serif;\"><span style=\"font-size: large;\">2015 <span style=\"font-size: x-large;\"><b>9<\/b><strong>0<\/strong><\/span><strong>j\u00e4hriges<\/strong> Chorjubil\u00e4um mit einem Konzert<\/span><\/span><\/p>\n<p><span style=\"font-family: Arial, sans-serif;\"><span style=\"font-size: large;\">2017 &#8211; Sportgottesdienst im Thannheimer Tal gemeinsam mit Hohenaltheim und&nbsp; &nbsp; &nbsp; &nbsp; Balgheim<\/span><\/span><\/p>\n<p>2025 &#8211; <strong>100j\u00e4hriges Posaunenchor<\/strong>-Jubil\u00e4im mit festlichem Konzert am 21. April 2025<\/p>","protected":false},"excerpt":{"rendered":"<p>Wer sind wir? Wir sind ein kleiner, aber feiner Haufen von Hobbymusikern. Zu h\u00f6ren sind wir oft in der Schm\u00e4hinger Marienkirche, am Maibaum, auf dem Weihnachtsmarkt Reimlingen und N\u00f6rdlingen. &nbsp; Unsere Probe findet immer donnerstags in der \u201eAlten Schule\u201c statt. Neue Mitmusikanten (egal ob mit oder ohne Erfahrung) sind uns immer herzlich Willkommen! Besonders gerne &hellip; <\/p>\n<p class=\"link-more\"><a href=\"https:\/\/schmaehingen.info\/?page_id=1436\" class=\"more-link\"><span class=\"screen-reader-text\">\u201ePosaunenchor Schm\u00e4hingen\u201c<\/span> weiterlesen<\/a><\/p>\n","protected":false},"author":1,"featured_media":0,"parent":0,"menu_order":0,"comment_status":"closed","ping_status":"closed","template":"","meta":{"ngg_post_thumbnail":0,"footnotes":""},"class_list":["post-1436","page","type-page","status-publish","hentry"],"_links":{"self":[{"href":"https:\/\/schmaehingen.info\/index.php?rest_route=\/wp\/v2\/pages\/1436","targetHints":{"allow":["GET"]}}],"collection":[{"href":"https:\/\/schmaehingen.info\/index.php?rest_route=\/wp\/v2\/pages"}],"about":[{"href":"https:\/\/schmaehingen.info\/index.php?rest_route=\/wp\/v2\/types\/page"}],"author":[{"embeddable":true,"href":"https:\/\/schmaehingen.info\/index.php?rest_route=\/wp\/v2\/users\/1"}],"replies":[{"embeddable":true,"href":"https:\/\/schmaehingen.info\/index.php?rest_route=%2Fwp%2Fv2%2Fcomments&post=1436"}],"version-history":[{"count":3,"href":"https:\/\/schmaehingen.info\/index.php?rest_route=\/wp\/v2\/pages\/1436\/revisions"}],"predecessor-version":[{"id":2042,"href":"https:\/\/schmaehingen.info\/index.php?rest_route=\/wp\/v2\/pages\/1436\/revisions\/2042"}],"wp:attachment":[{"href":"https:\/\/schmaehingen.info\/index.php?rest_route=%2Fwp%2Fv2%2Fmedia&parent=1436"}],"curies":[{"name":"wp","href":"https:\/\/api.w.org\/{rel}","templated":true}]}}